{"id":364,"date":"2024-05-08T09:54:30","date_gmt":"2024-05-08T09:54:30","guid":{"rendered":"https:\/\/szallas-koszeg.hu\/?page_id=364"},"modified":"2026-01-18T20:35:32","modified_gmt":"2026-01-18T20:35:32","slug":"foglalasi-szabalyzat","status":"publish","type":"page","link":"https:\/\/szallas-koszeg.hu\/en\/foglalasi-szabalyzat\/","title":{"rendered":"FOGLAL\u00c1SI SZAB\u00c1LYZAT"},"content":{"rendered":"<div data-elementor-type=\"wp-page\" data-elementor-id=\"364\" class=\"elementor elementor-364\" data-elementor-post-type=\"page\">\n\t\t\t\t\t\t<section class=\"elementor-section elementor-top-section elementor-element elementor-element-716060b elementor-section-stretched elementor-section-full_width elementor-section-height-min-height elementor-section-height-default elementor-section-items-middle\" data-id=\"716060b\" data-element_type=\"section\" data-e-type=\"section\" data-settings=\"{&quot;stretch_section&quot;:&quot;section-stretched&quot;,&quot;background_background&quot;:&quot;classic&quot;}\">\n\t\t\t\t\t\t\t<div class=\"elementor-background-overlay\"><\/div>\n\t\t\t\t\t\t\t<div class=\"elementor-container elementor-column-gap-narrow\">\n\t\t\t\t\t<div class=\"elementor-column elementor-col-100 elementor-top-column elementor-element elementor-element-8822685\" data-id=\"8822685\" data-element_type=\"column\" data-e-type=\"column\">\n\t\t\t<div class=\"elementor-widget-wrap elementor-element-populated\">\n\t\t\t\t\t\t<div class=\"elementor-element elementor-element-19dfec0 elementor-widget elementor-widget-spacer\" data-id=\"19dfec0\" data-element_type=\"widget\" data-e-type=\"widget\" data-widget_type=\"spacer.default\">\n\t\t\t\t\t\t\t<div class=\"elementor-spacer\">\n\t\t\t<div class=\"elementor-spacer-inner\"><\/div>\n\t\t<\/div>\n\t\t\t\t\t\t<\/div>\n\t\t\t\t<div class=\"elementor-element elementor-element-c68eb87 elementor-widget__width-initial elementor-widget-tablet__width-initial elementor-invisible elementor-widget elementor-widget-heading\" data-id=\"c68eb87\" data-element_type=\"widget\" data-e-type=\"widget\" data-settings=\"{&quot;_animation&quot;:&quot;slideInUp&quot;,&quot;_animation_delay&quot;:1000}\" data-widget_type=\"heading.default\">\n\t\t\t\t\t<h2 class=\"elementor-heading-title elementor-size-default\">FOGLAL\u00c1SI SZAB\u00c1LYZAT<\/h2>\t\t\t\t<\/div>\n\t\t\t\t<div class=\"elementor-element elementor-element-ed44ae5 elementor-widget__width-initial elementor-widget-tablet__width-initial elementor-widget-mobile__width-inherit elementor-invisible elementor-widget elementor-widget-heading\" data-id=\"ed44ae5\" data-element_type=\"widget\" data-e-type=\"widget\" data-settings=\"{&quot;_animation&quot;:&quot;fadeInUp&quot;,&quot;_animation_delay&quot;:1500}\" data-widget_type=\"heading.default\">\n\t\t\t\t\t<p class=\"elementor-heading-title elementor-size-default\">\u00e9s \u00e1ltal\u00e1nos szerz\u0151d\u00e9si felt\u00e9telek<\/p>\t\t\t\t<\/div>\n\t\t\t\t\t<\/div>\n\t\t<\/div>\n\t\t\t\t\t<\/div>\n\t\t<\/section>\n\t\t\t\t<section class=\"elementor-section elementor-top-section elementor-element elementor-element-90202c7 elementor-section-stretched elementor-section-boxed elementor-section-height-default elementor-section-height-default\" data-id=\"90202c7\" data-element_type=\"section\" data-e-type=\"section\" data-settings=\"{&quot;stretch_section&quot;:&quot;section-stretched&quot;}\">\n\t\t\t\t\t\t<div class=\"elementor-container elementor-column-gap-wide\">\n\t\t\t\t\t<div class=\"elementor-column elementor-col-100 elementor-top-column elementor-element elementor-element-29f025f\" data-id=\"29f025f\" data-element_type=\"column\" data-e-type=\"column\">\n\t\t\t<div class=\"elementor-widget-wrap elementor-element-populated\">\n\t\t\t\t\t\t<div class=\"elementor-element elementor-element-7a58ba2 elementor-widget elementor-widget-theme-site-logo elementor-widget-image\" data-id=\"7a58ba2\" data-element_type=\"widget\" data-e-type=\"widget\" data-widget_type=\"theme-site-logo.default\">\n\t\t\t\t\t\t\t\t\t\t\t<a href=\"https:\/\/szallas-koszeg.hu\/en\">\n\t\t\t<img fetchpriority=\"high\" decoding=\"async\" width=\"3597\" height=\"1980\" src=\"https:\/\/szallas-koszeg.hu\/wp-content\/uploads\/2024\/04\/cropped-green-aurora-apartman-koszeg-szallas-02.png\" class=\"attachment-full size-full wp-image-462\" alt=\"K\u00f6z\u00e9pkori hangulat\u00fa v\u00e1ros, m\u00e9gis egy fiatalos, modern \u00e9s ig\u00e9nyes sz\u00e1ll\u00e1sra invit\u00e1lunk K\u0151szegen, Magyarorsz\u00e1g \u00e9kszerdoboz\u00e1ban.\" srcset=\"https:\/\/szallas-koszeg.hu\/wp-content\/uploads\/2024\/04\/cropped-green-aurora-apartman-koszeg-szallas-02.png 3597w, https:\/\/szallas-koszeg.hu\/wp-content\/uploads\/2024\/04\/cropped-green-aurora-apartman-koszeg-szallas-02-300x165.png 300w, https:\/\/szallas-koszeg.hu\/wp-content\/uploads\/2024\/04\/cropped-green-aurora-apartman-koszeg-szallas-02-1024x564.png 1024w, https:\/\/szallas-koszeg.hu\/wp-content\/uploads\/2024\/04\/cropped-green-aurora-apartman-koszeg-szallas-02-768x423.png 768w, https:\/\/szallas-koszeg.hu\/wp-content\/uploads\/2024\/04\/cropped-green-aurora-apartman-koszeg-szallas-02-1536x846.png 1536w, https:\/\/szallas-koszeg.hu\/wp-content\/uploads\/2024\/04\/cropped-green-aurora-apartman-koszeg-szallas-02-2048x1127.png 2048w, https:\/\/szallas-koszeg.hu\/wp-content\/uploads\/2024\/04\/cropped-green-aurora-apartman-koszeg-szallas-02-18x10.png 18w\" sizes=\"(max-width: 3597px) 100vw, 3597px\" \/>\t\t\t\t<\/a>\n\t\t\t\t\t\t\t\t\t\t\t<\/div>\n\t\t\t\t<div class=\"elementor-element elementor-element-4b7b4b8 elementor-widget__width-initial elementor-invisible elementor-widget elementor-widget-text-editor\" data-id=\"4b7b4b8\" data-element_type=\"widget\" data-e-type=\"widget\" data-settings=\"{&quot;_animation&quot;:&quot;fadeInDown&quot;,&quot;_animation_delay&quot;:1000}\" data-widget_type=\"text-editor.default\">\n\t\t\t\t\t\t\t\t\t<p>El\u0151sz\u00f6r is k\u00f6sz\u00f6nj\u00fck az \u00e9rdekl\u0151d\u00e9st sz\u00e1ll\u00e1shely\u00fcnk ir\u00e1nt! B\u00edzunk benne, hogy hamarosan vend\u00e9geink k\u00f6z\u00f6tt \u00fcdv\u00f6z\u00f6lhet\u00fcnk K\u0151szegen.<\/p><p>K\u00e9rj\u00fck \u00e9s javasoljuk, hogy a foglal\u00e1s el\u0151tt sz\u00e1nj p\u00e1r percet arra, hogy figyelmesen elolvasd el az al\u00e1bbi r\u00e9szletes foglal\u00e1si szab\u00e1lyzatunkat, foglal\u00e1s eset\u00e9n automatikusan elfogad\u00e1sra ker\u00fclnek \u00e1ltal\u00e1nos szerz\u0151d\u00e9si felt\u00e9teleink, amik mindannyiunk k\u00f6z\u00f6s \u00e9rdek\u00e9ben sz\u00fclettek!<\/p><p><strong>Igyeksz\u00fcnk mindig minden t\u0151l\u00fcnk telhet\u0151t megtenni az\u00e9rt, hogy az itt tart\u00f3zkod\u00e1s t\u00f6k\u00e9letes legyen!<\/strong><\/p><p>E-mailen, a kapcsolati oldalon vagy a foglal\u00e1si \u0171rlapon elk\u00fcld\u00f6tt foglal\u00e1s csakis az \u00e1ltalunk k\u00fcld\u00f6tt visszaigazol\u00f3 e-mail szerint tekinthet\u0151 v\u00e9glegesnek \u00e9s a foglal\u00e1s lead\u00e1sa jelen felt\u00e9telek valamint a h\u00e1zirend k\u00f6telez\u0151 \u00e9rv\u00e9ny\u0171 elfogad\u00e1s\u00e1nak min\u0151s\u00fcl.<\/p><p><strong>Online foglal\u00e1sn\u00e1l, el\u0151refizet\u00e9s eset\u00e9n 1 napon bel\u00fcli utal\u00e1st k\u00e9r\u00fcnk.\u00a0 20%-os kedvezm\u00e9ny ig\u00e9nybev\u00e9tel\u00e9n\u00e9l<\/strong>\u00a0azonban k\u00e9rj\u00fck vegy\u00e9k figyelembe, hogy ez esetben a foglal\u00e1s \u00f6sszege lemond\u00e1s eset\u00e9n nem visszat\u00e9r\u00edtend\u0151.<\/p><p><strong>Szeretn\u00e9 megtartani a lemond\u00e1si lehet\u0151s\u00e9get? 10% kedvezm\u00e9nyt adunk el\u0151re fizet\u00e9s eset\u00e9n \u00edgy is! <\/strong>A foglal\u00e1st \u00e9rkez\u00e9s el\u0151tt egy h\u00e9ttel d\u00edjmentesen lemondhatja, 1 h\u00e9ten bel\u00fcli lemond\u00e1s eset\u00e9n egyszeri alkalommal foglal\u00e1sa \u00e1ttehet\u0151 egy m\u00e1sik d\u00e1tumra (3 h\u00f3napon bel\u00fcl), egy\u00e9bk\u00e9nt esetben a foglal\u00e1s teljes \u00f6sszeg\u00e9nek 75%-a ker\u00fcl visszat\u00e9r\u00edt\u00e9sre. Az \u00e9rkez\u00e9s el\u0151tt 48 \u00f3r\u00e1n bel\u00fcli lemond\u00e1s eset\u00e9n az \u00f6sszeg nem visszat\u00e9r\u00edtend\u0151.<\/p><p><b>Minimum foglal\u00e1s 2 \u00e9jszaka, D <\/b>egy<b>\u00a0<\/b>\u00e9jszak\u00e1ra is fogadunk vend\u00e9get, viszont csakis el\u0151refizet\u00e9ssel, fel\u00e1r ellen\u00e9ben (h\u00e9tk\u00f6znap +10%, p\u00e9ntek \u00e9s szombat \u00e9jszakai egy \u00e9jszak\u00e1s fel\u00e1r +20%).<\/p><p><strong>Hosszabb id\u0151re \u00e9rkez\u0151k a hetedik \u00e9jszak\u00e1t k\u00f6vet\u0151en tov\u00e1bbi 10% kedvezm\u00e9nyt kapnak a teljes foglal\u00e1s \u00e1r\u00e1b\u00f3l, <\/strong>(fontos tudni, hogy hosszabb t\u00e1v\u00fa foglal\u00e1s eset\u00e9n az els\u0151 id\u0151szakot el\u0151re kell utalni a foglal\u00e1s v\u00e9gleges\u00edt\u00e9s\u00e9hez)!<\/p><p>Fizet\u00e9s: \u00e1tutal\u00e1ssal el\u0151re vagy a helysz\u00ednen \u00e9rkez\u00e9skor k\u00e9szp\u00e9nzzel illetve SZ\u00c9P k\u00e1rty\u00e1val lehets\u00e9ges.<\/p><p>IFA (idegenforgalmi ad\u00f3) minden esetben \u00e9rkez\u00e9skor, a helysz\u00ednen fizetend\u0151: 700,- Ft \/ \u00e9j \/ f\u0151 18 \u00e9v felettieknek.<\/p><p>B\u00e1rmi egy\u00e9b k\u00e9r\u00e9ssel, k\u00e9rd\u00e9ssel fordulj hozz\u00e1nk bizalommal!<\/p><p><u>Sz\u00e1ll\u00e1s adatai:<\/u><\/p><p><strong>AURORA Apartman<\/strong><\/p><p>9730 K\u0151szeg, D\u00f3zsa Gy\u00f6rgy utca 19\/D. 3\/19.<\/p><p>\u00dczemeltet\u0151: Steixner P\u00e9ter EV<\/p><p>Sz\u00e9khely: 9730 K\u0151szeg, D\u00f3zsa Gy\u00f6rgy utca 19\/D. 3\/19.<\/p><p>Ad\u00f3sz\u00e1m: 59870630-1-38<\/p><p><strong>NTAK regisztr\u00e1ci\u00f3s sz\u00e1m: MA24088045<\/strong><\/p><p>Apartmanunkat m\u00e1sok is szeretn\u00e9k majd ugyanolyan kifog\u00e1stalan \u00e1llapotban elfoglalni, \u00edgy k\u00e9rj\u00fck \u00f3vj\u00e1tok azt \u00fagy, mintha a saj\u00e1totok lenne!<\/p><p>Szolg\u00e1ltat\u00e1sok: Vend\u00e9geink r\u00e9sz\u00e9re a lak\u00f3park z\u00e1rt kapuj\u00e1n bel\u00fcli ter\u00fcleten egy aut\u00f3 sz\u00e1m\u00e1ra a parkol\u00e1s d\u00edjmentes. Tov\u00e1bbi aut\u00f3(k) a kapun k\u00edv\u00fcl, a D\u00f3zsa Gy\u00f6rgy utc\u00e1n ingyenesen parkolhatnak.<\/p><p><strong>Transzfer szolg\u00e1ltat\u00e1s ir\u00e1nt k\u00e9rem mindig el\u0151re \u00e9rdekl\u0151djenek<\/strong>. Lehet\u0151s\u00e9g \u00e9s el\u00e9rhet\u0151s\u00e9g szerint helyi t\u00f6megk\u00f6zleked\u00e9si meg\u00e1ll\u00f3kn\u00e1l sz\u00edvesen felaj\u00e1nlunk transzfer szolg\u00e1ltat\u00e1st d\u00edjmentesen, de k\u00e9rem minden esetben egyeztetni el\u0151re. Wifi, Tv, Netflix d\u00edjmentesen el\u00e9rhet\u0151.\u00a0<\/p><p><strong>T\u00far\u00e1z\u00f3knak is lehet\u0151s\u00e9g szerint sz\u00edvesen seg\u00edt\u00fcnk,<\/strong> amennyiben transzferre lenne sz\u00fcks\u00e9g\u00fcnk a k\u00f6zeli hegyekbe \/ helysz\u00ednekre.<\/p><p>Az apartman h\u0171t\u0151-f\u0171t\u0151 kl\u00edm\u00e1val, mos\u00f3g\u00e9ppel, mosogat\u00f3g\u00e9ppel, vasal\u00f3val, vasal\u00f3deszk\u00e1val, porsz\u00edv\u00f3val felszerelt. Gyermek utaz\u00f3s kis\u00e1gy nem felt\u00e9tlen\u00fcl tal\u00e1lhat\u00f3 az apartmanban, de amennyiben sz\u00fcks\u00e9g van r\u00e1, k\u00e9rj\u00fck azt el\u0151re jelezni, sz\u00edvesen rendelkez\u00e9sre bocs\u00e1tjuk d\u00edjmentesen.<\/p><p>Foglal\u00e1skor visszaigazol\u00f3 e-mailt k\u00fcld\u00fcnk. Elektronikus sz\u00e1mla a fizet\u00e9s napj\u00e1n e-mailben \u00e9rkezik.<\/p><p>Fontos: az IFA (idegenforgalmi ad\u00f3) nem fizethet\u0151 SZ\u00c9P k\u00e1rty\u00e1val, azt minden esetben \u00e9rkez\u00e9skor k\u00e9szp\u00e9nzben lehet rendezni.<\/p><p><u>Lemond\u00e1si felt\u00e9telek:<\/u><\/p><p>Fizet\u00e9s el\u0151re utal\u00e1ssal, SZ\u00c9P k\u00e1rty\u00e1val vagy \u00e9rkez\u00e9skor k\u00e9szp\u00e9nzzel t\u00f6rt\u00e9nik. Ut\u00f3bbi esetben el\u0151leget nem k\u00e9r\u00fcnk, fizetni r\u00e1\u00e9r ak\u00e1r \u00e9rkez\u00e9skor (k\u00e9rj\u00fck, ha ezt a lehet\u0151s\u00e9get v\u00e1lasztja, az esetben is, amennyiben valami okn\u00e1l fogva le kell mondani a sz\u00e1ll\u00e1st, azt miel\u0151bb tedd meg, hogy m\u00e1s ig\u00e9nybe vehesse a szolg\u00e1ltat\u00e1st. A sz\u00e1ll\u00e1s, \u00e9rkez\u00e9s el\u0151tt 3 nappal m\u00e9g d\u00edjmentesen lemondhat\u00f3, 3 napon bel\u00fcli lemond\u00e1s eset\u00e9n 25% ker\u00fcl felsz\u00e1m\u00edt\u00e1sra \u00e9s kisz\u00e1ml\u00e1z\u00e1sra).<\/p><p>Amennyiben kedvezm\u00e9nyt veszel ig\u00e9nybe \u00e9s el\u0151refizet\u00e9s t\u00f6rt\u00e9nik, \u00fagy az al\u00e1bbiak \u00e9rv\u00e9nyesek, ami szab\u00e1lyzat a foglal\u00e1ssal egyid\u0151ben automatikusan elfogad\u00e1sra ker\u00fcl:<\/p><ul><li>5%-os el\u0151refizet\u00e9si kedvezm\u00e9ny:\u00a0a teljes foglal\u00e1s \u00f6sszege visszautal\u00e1sra ker\u00fcl, ha \u00e9rkez\u00e9s el\u0151tt 1 h\u00e9ttel lemondja, illetve 25%-al cs\u00f6kkentett \u00f6sszeg ker\u00fcl visszautal\u00e1sra, ha 1 h\u00e9ten bel\u00fcl ker\u00fcl lemond\u00e1sra. 48 \u00f3r\u00e1n bel\u00fcli lemond\u00e1s eset\u00e9n a a foglal\u00e1s \u00f6sszege nem visszat\u00e9r\u00edtend\u0151.\u00a0\u00a0<\/li><li>10%-os el\u0151refizet\u00e9si kedvezm\u00e9ny: ez esetben a foglal\u00e1s nem lemondhat\u00f3, visszamond\u00e1s eset\u00e9n a befizetett foglal\u00e1s \u00f6sszege nem visszat\u00e9r\u00edtend\u0151.<\/li><\/ul><p>Az apartmant csak az el\u0151re egyeztetett l\u00e9tsz\u00e1mban vehetik ig\u00e9nybe, melyet a sz\u00e1ll\u00e1sad\u00f3 ak\u00e1r el\u0151zetes bejelent\u00e9s n\u00e9lk\u00fcl ellen\u0151rizhet.\u00a0<\/p><p>Az apartman \u00fczemeltet\u0151je, tulajdonosa v\u00e1llalja, hogy b\u00e1rmi esetleges, nem el\u0151re l\u00e1that\u00f3 probl\u00e9ma felmer\u00fclne az \u00e9rkez\u00e9s napj\u00e1n (pl. cs\u0151t\u00f6r\u00e9s), e-mailen \u00e9s \/ vagy telefonon \u00e9rtes\u00edti Vend\u00e9geit, az apartman foglalts\u00e1g\u00e1nak f\u00fcggv\u00e9ny\u00e9ben a lehet\u0151 leghamarabbi alternat\u00edv id\u0151pontot aj\u00e1nlja fel, vagy k\u00e9r\u00e9sre a foglal\u00e1s \u00f6sszeg\u00e9t visszat\u00e9r\u00edti (amennyiben el\u0151reutal\u00e1s t\u00f6rt\u00e9nt).<\/p><p>Felek az elsz\u00e1ll\u00e1sol\u00e1sb\u00f3l, k\u00e1rokoz\u00e1sb\u00f3l ered\u0151 vit\u00e1ikat minden esetben megk\u00eds\u00e9rlik b\u00e9k\u00e9s \u00faton rendezni. Amennyiben ez nem vezetne eredm\u00e9nyhez, \u00fagy a vit\u00e1k eld\u00f6nt\u00e9s\u00e9t a K\u0151szegi B\u00edr\u00f3s\u00e1gon jogi \u00fatra terelhetik.<\/p><p><span style=\"text-decoration: underline;\"><strong>Vend\u00e9g adatok megad\u00e1sa:<\/strong><\/span> Foglal\u00e1sn\u00e1l sz\u00fcks\u00e9ges megadni a teljes nevet, telefonos \u00e9s e-mail el\u00e9rhet\u0151s\u00e9get, c\u00edmet. \u00c9rkez\u00e9skor k\u00f6telez\u0151en sz\u00fcks\u00e9ges megadni minden, a sz\u00e1ll\u00e1son tart\u00f3zkod\u00f3 vend\u00e9g teljes nev\u00e9t, sz\u00fclet\u00e9si hely\u00e9t \u00e9s d\u00e1tum\u00e1t, anyja nev\u00e9t, \u00e1llampolg\u00e1rs\u00e1g, ir\u00e1ny\u00edt\u00f3sz\u00e1m illetve bemutatni szem\u00e9lyi igazolv\u00e1ny\u00e1t vagy \u00fatlevel\u00e9t, hogy a sz\u00e1ll\u00e1sad\u00f3 az \u00e1llami nyilv\u00e1ntart\u00e1s (NTAK \u00e9s VIZA) fel\u00e9 a k\u00f6telez\u0151 adatszolg\u00e1ltat\u00e1st elv\u00e9gezhesse. A szem\u00e9lyes dokumentumokat el\u0151re, e-mailen kereszt\u00fcl is elk\u00fcldhetik, sz\u00e1ll\u00e1sad\u00f3 az adatv\u00e9delmi szab\u00e1lyoknak eleget tesz.<\/p><p><u>T\u00e1j\u00e9koztat\u00e1s a k\u00f6telez\u0151 Okm\u00e1nyolvas\u00e1sr\u00f3l:<\/u><\/p><p>\u201eT\u00e1j\u00e9koztatjuk \u00d6n\u00f6ket, hogy 2021.09.01. napj\u00e1t\u00f3l minden sz\u00e1ll\u00e1shelyen k\u00f6telez\u0151 az okm\u00e1nyolvas\u00f3 haszn\u00e1lata a sz\u00e1ll\u00e1shelyre t\u00f6rt\u00e9n\u0151 bejelentkez\u00e9shez a magyar \u00e9s k\u00fclf\u00f6ldi \u00e1llampolg\u00e1roknak egyar\u00e1nt. A rendelet vonatkozik a gyerekekre is kort\u00f3l f\u00fcggetlen\u00fcl, \u00edgy \u0151ket is csak \u00e9rv\u00e9nyes, a szem\u00e9ly\u00fcket igazol\u00f3 okm\u00e1nnyal \u00e1ll m\u00f3dunkban fogadni.<\/p><p>Az okm\u00e1nyolvas\u00f3 haszn\u00e1lat\u00e1hoz magyar \u00e9s EU \u00e1llampolg\u00e1rok eset\u00e9n szem\u00e9lyi igazolv\u00e1ny, jogositv\u00e1ny vagy \u00fatlev\u00e9l bemutat\u00e1sa, nem EU orsz\u00e1gb\u00f3l sz\u00e1rmaz\u00f3 vend\u00e9g eset\u00e9n \u00fatlev\u00e9l, v\u00edzum vagy tart\u00f3zkod\u00e1si enged\u00e9ly sz\u00e1ma, a beutaz\u00e1s id\u0151pontja \u00e9s hely\u00e9nek bemutat\u00e1sa sz\u00fcks\u00e9ges.<\/p><p>Lej\u00e1rt szem\u00e9lyi igazolv\u00e1ny \/ jogositv\u00e1ny \/ \u00fatlev\u00e9l nem fogadhat\u00f3 el a bejelentkez\u00e9shez, kiv\u00e9ve akkor, ha az adott okm\u00e1ny a v\u00e9szhelyzet(ek valamelyike) alatt j\u00e1rt le, ugyanis azok \u00e9rv\u00e9nyess\u00e9g\u00e9t 120 nappal a v\u00e9szhelyzet ut\u00e1nra meghosszabb\u00edtott\u00e1k a 27\/2021-es korm\u00e1nyrendetben.\u201d<\/p><p><strong>Fontos rendeleti szab\u00e1lyoz\u00e1s,hogy amennyiben a Vend\u00e9g okm\u00e1nyok n\u00e9lk\u00fcl \u00e9rkezik a sz\u00e1ll\u00e1s elfoglal\u00e1s\u00e1t k\u00f6telez\u0151en el kell utas\u00edtanunk.<\/strong> Abban az esetben, ha a Vend\u00e9g okm\u00e1nyok hi\u00e1nya, vagy \u00e9rv\u00e9nytelen okm\u00e1nyok miatt nem tud bejelentkezni, a sz\u00e1ll\u00e1s d\u00edj\u00e1t nem \u00e1ll m\u00f3dunkban visszaadni. Felh\u00edvjuk a sz\u00edves figyelmet, hogy indul\u00e1s el\u0151tt felt\u00e9tlen\u00fcl ellen\u0151rizd, hogy okm\u00e1nyok megvannak \u00e9s \u00e9rv\u00e9nyesek!<\/p><p>Sajnos a rendeletet nem mi alkottuk, de annak betart\u00e1sa k\u00f6telez\u0151 \u00e9rv\u00e9ny\u0171 a sz\u00e1ll\u00e1sad\u00f3kra. K\u00f6sz\u00f6nj\u00fck a meg\u00e9rt\u00e9st \u00e9s sz\u00edves egy\u00fcttm\u0171k\u00f6d\u00e9st!<\/p><p>A szem\u00e9lyes okm\u00e1nyadatokat bizalmasan kezelj\u00fck! Utaz\u00e1s lez\u00e1r\u00e1s\u00e1t k\u00f6vet\u0151en (amennyiben el\u0151re k\u00fcldte), e-mail fi\u00f3kunkb\u00f3l t\u00f6r\u00f6lj\u00fck azokat.<\/p><p><strong>J\u00f3 pihen\u00e9st k\u00edv\u00e1nunk apartmanunkban \u00e9s kellemes id\u0151t\u00f6lt\u00e9st K\u0151szegen!<\/strong><\/p>\t\t\t\t\t\t\t\t<\/div>\n\t\t\t\t\t<\/div>\n\t\t<\/div>\n\t\t\t\t\t<\/div>\n\t\t<\/section>\n\t\t<div class=\"elementor-element elementor-element-42bbbf5 e-flex e-con-boxed e-con e-parent\" data-id=\"42bbbf5\" data-element_type=\"container\" data-e-type=\"container\">\n\t\t\t\t\t<div class=\"e-con-inner\">\n\t\t\t\t<div class=\"elementor-element elementor-element-f6135a8 elementor-widget elementor-widget-spacer\" data-id=\"f6135a8\" data-element_type=\"widget\" data-e-type=\"widget\" data-widget_type=\"spacer.default\">\n\t\t\t\t\t\t\t<div class=\"elementor-spacer\">\n\t\t\t<div class=\"elementor-spacer-inner\"><\/div>\n\t\t<\/div>\n\t\t\t\t\t\t<\/div>\n\t\t\t\t\t<\/div>\n\t\t\t\t<\/div>\n\t\t\t\t<\/div>","protected":false},"excerpt":{"rendered":"<p>FOGLAL\u00c1SI SZAB\u00c1LYZAT \u00e9s \u00e1ltal\u00e1nos szerz\u0151d\u00e9si felt\u00e9telek El\u0151sz\u00f6r is k\u00f6sz\u00f6nj\u00fck az \u00e9rdekl\u0151d\u00e9st sz\u00e1ll\u00e1shely\u00fcnk ir\u00e1nt! B\u00edzunk benne, hogy hamarosan vend\u00e9geink k\u00f6z\u00f6tt \u00fcdv\u00f6z\u00f6lhet\u00fcnk K\u0151szegen. K\u00e9rj\u00fck \u00e9s javasoljuk, hogy a foglal\u00e1s el\u0151tt sz\u00e1nj p\u00e1r percet arra, hogy figyelmesen elolvasd el az al\u00e1bbi r\u00e9szletes foglal\u00e1si szab\u00e1lyzatunkat, foglal\u00e1s eset\u00e9n automatikusan elfogad\u00e1sra ker\u00fclnek \u00e1ltal\u00e1nos szerz\u0151d\u00e9si felt\u00e9teleink, amik mindannyiunk k\u00f6z\u00f6s \u00e9rdek\u00e9ben sz\u00fclettek! Igyeksz\u00fcnk [&hellip;]<\/p>\n","protected":false},"author":2,"featured_media":0,"parent":0,"menu_order":0,"comment_status":"closed","ping_status":"closed","template":"elementor_header_footer","meta":{"iawp_total_views":46,"footnotes":""},"class_list":["post-364","page","type-page","status-publish","hentry"],"yoast_head":"<!-- This site is optimized with the Yoast SEO Premium plugin v27.5 (Yoast SEO v27.5) - https:\/\/yoast.com\/product\/yoast-seo-premium-wordpress\/ -->\n<title>FOGLAL\u00c1SI SZAB\u00c1LYZAT - Aurora Apartman<\/title>\n<meta name=\"robots\" content=\"index, follow, max-snippet:-1, max-image-preview:large, max-video-preview:-1\" \/>\n<link rel=\"canonical\" href=\"https:\/\/szallas-koszeg.hu\/en\/foglalasi-szabalyzat\/\" \/>\n<meta property=\"og:locale\" content=\"en_GB\" \/>\n<meta property=\"og:type\" content=\"article\" \/>\n<meta property=\"og:title\" content=\"FOGLAL\u00c1SI SZAB\u00c1LYZAT\" \/>\n<meta property=\"og:description\" content=\"FOGLAL\u00c1SI SZAB\u00c1LYZAT \u00e9s \u00e1ltal\u00e1nos szerz\u0151d\u00e9si felt\u00e9telek El\u0151sz\u00f6r is k\u00f6sz\u00f6nj\u00fck az \u00e9rdekl\u0151d\u00e9st sz\u00e1ll\u00e1shely\u00fcnk ir\u00e1nt! B\u00edzunk benne, hogy hamarosan vend\u00e9geink k\u00f6z\u00f6tt \u00fcdv\u00f6z\u00f6lhet\u00fcnk K\u0151szegen. K\u00e9rj\u00fck \u00e9s javasoljuk, hogy a foglal\u00e1s el\u0151tt sz\u00e1nj p\u00e1r percet arra, hogy figyelmesen elolvasd el az al\u00e1bbi r\u00e9szletes foglal\u00e1si szab\u00e1lyzatunkat, foglal\u00e1s eset\u00e9n automatikusan elfogad\u00e1sra ker\u00fclnek \u00e1ltal\u00e1nos szerz\u0151d\u00e9si felt\u00e9teleink, amik mindannyiunk k\u00f6z\u00f6s \u00e9rdek\u00e9ben sz\u00fclettek! Igyeksz\u00fcnk [&hellip;]\" \/>\n<meta property=\"og:url\" content=\"https:\/\/szallas-koszeg.hu\/en\/foglalasi-szabalyzat\/\" \/>\n<meta property=\"og:site_name\" content=\"Aurora Apartman\" \/>\n<meta property=\"article:modified_time\" content=\"2026-01-18T20:35:32+00:00\" \/>\n<meta name=\"twitter:card\" content=\"summary_large_image\" \/>\n<meta name=\"twitter:label1\" content=\"Estimated reading time\" \/>\n\t<meta name=\"twitter:data1\" content=\"6 minutes\" \/>\n<script type=\"application\/ld+json\" class=\"yoast-schema-graph\">{\"@context\":\"https:\\\/\\\/schema.org\",\"@graph\":[{\"@type\":\"WebPage\",\"@id\":\"https:\\\/\\\/szallas-koszeg.hu\\\/foglalasi-szabalyzat\\\/\",\"url\":\"https:\\\/\\\/szallas-koszeg.hu\\\/foglalasi-szabalyzat\\\/\",\"name\":\"FOGLAL\u00c1SI SZAB\u00c1LYZAT - Aurora Apartman\",\"isPartOf\":{\"@id\":\"https:\\\/\\\/szallas-koszeg.hu\\\/#website\"},\"datePublished\":\"2024-05-08T09:54:30+00:00\",\"dateModified\":\"2026-01-18T20:35:32+00:00\",\"breadcrumb\":{\"@id\":\"https:\\\/\\\/szallas-koszeg.hu\\\/foglalasi-szabalyzat\\\/#breadcrumb\"},\"inLanguage\":\"en-GB\",\"potentialAction\":[{\"@type\":\"ReadAction\",\"target\":[\"https:\\\/\\\/szallas-koszeg.hu\\\/foglalasi-szabalyzat\\\/\"]}]},{\"@type\":\"BreadcrumbList\",\"@id\":\"https:\\\/\\\/szallas-koszeg.hu\\\/foglalasi-szabalyzat\\\/#breadcrumb\",\"itemListElement\":[{\"@type\":\"ListItem\",\"position\":1,\"name\":\"Home\",\"item\":\"https:\\\/\\\/szallas-koszeg.hu\\\/\"},{\"@type\":\"ListItem\",\"position\":2,\"name\":\"FOGLAL\u00c1SI SZAB\u00c1LYZAT\"}]},{\"@type\":\"WebSite\",\"@id\":\"https:\\\/\\\/szallas-koszeg.hu\\\/#website\",\"url\":\"https:\\\/\\\/szallas-koszeg.hu\\\/\",\"name\":\"Aurora Apartman\",\"description\":\"K\u0151szeg\",\"publisher\":{\"@id\":\"https:\\\/\\\/szallas-koszeg.hu\\\/#\\\/schema\\\/person\\\/55887a62f5b5ea9a03f5904ccb848b55\"},\"potentialAction\":[{\"@type\":\"SearchAction\",\"target\":{\"@type\":\"EntryPoint\",\"urlTemplate\":\"https:\\\/\\\/szallas-koszeg.hu\\\/?s={search_term_string}\"},\"query-input\":{\"@type\":\"PropertyValueSpecification\",\"valueRequired\":true,\"valueName\":\"search_term_string\"}}],\"inLanguage\":\"en-GB\"},{\"@type\":[\"Person\",\"Organization\"],\"@id\":\"https:\\\/\\\/szallas-koszeg.hu\\\/#\\\/schema\\\/person\\\/55887a62f5b5ea9a03f5904ccb848b55\",\"name\":\"Niki\",\"image\":{\"@type\":\"ImageObject\",\"inLanguage\":\"en-GB\",\"@id\":\"https:\\\/\\\/szallas-koszeg.hu\\\/wp-content\\\/uploads\\\/2024\\\/04\\\/cropped-green-aurora-apartman-koszeg-szallas-02.png\",\"url\":\"https:\\\/\\\/szallas-koszeg.hu\\\/wp-content\\\/uploads\\\/2024\\\/04\\\/cropped-green-aurora-apartman-koszeg-szallas-02.png\",\"contentUrl\":\"https:\\\/\\\/szallas-koszeg.hu\\\/wp-content\\\/uploads\\\/2024\\\/04\\\/cropped-green-aurora-apartman-koszeg-szallas-02.png\",\"width\":3597,\"height\":1980,\"caption\":\"Niki\"},\"logo\":{\"@id\":\"https:\\\/\\\/szallas-koszeg.hu\\\/wp-content\\\/uploads\\\/2024\\\/04\\\/cropped-green-aurora-apartman-koszeg-szallas-02.png\"}}]}<\/script>\n<!-- \/ Yoast SEO Premium plugin. -->","yoast_head_json":{"title":"FOGLAL\u00c1SI SZAB\u00c1LYZAT - Aurora Apartman","robots":{"index":"index","follow":"follow","max-snippet":"max-snippet:-1","max-image-preview":"max-image-preview:large","max-video-preview":"max-video-preview:-1"},"canonical":"https:\/\/szallas-koszeg.hu\/en\/foglalasi-szabalyzat\/","og_locale":"en_GB","og_type":"article","og_title":"FOGLAL\u00c1SI SZAB\u00c1LYZAT","og_description":"FOGLAL\u00c1SI SZAB\u00c1LYZAT \u00e9s \u00e1ltal\u00e1nos szerz\u0151d\u00e9si felt\u00e9telek El\u0151sz\u00f6r is k\u00f6sz\u00f6nj\u00fck az \u00e9rdekl\u0151d\u00e9st sz\u00e1ll\u00e1shely\u00fcnk ir\u00e1nt! B\u00edzunk benne, hogy hamarosan vend\u00e9geink k\u00f6z\u00f6tt \u00fcdv\u00f6z\u00f6lhet\u00fcnk K\u0151szegen. K\u00e9rj\u00fck \u00e9s javasoljuk, hogy a foglal\u00e1s el\u0151tt sz\u00e1nj p\u00e1r percet arra, hogy figyelmesen elolvasd el az al\u00e1bbi r\u00e9szletes foglal\u00e1si szab\u00e1lyzatunkat, foglal\u00e1s eset\u00e9n automatikusan elfogad\u00e1sra ker\u00fclnek \u00e1ltal\u00e1nos szerz\u0151d\u00e9si felt\u00e9teleink, amik mindannyiunk k\u00f6z\u00f6s \u00e9rdek\u00e9ben sz\u00fclettek! Igyeksz\u00fcnk [&hellip;]","og_url":"https:\/\/szallas-koszeg.hu\/en\/foglalasi-szabalyzat\/","og_site_name":"Aurora Apartman","article_modified_time":"2026-01-18T20:35:32+00:00","twitter_card":"summary_large_image","twitter_misc":{"Estimated reading time":"6 minutes"},"schema":{"@context":"https:\/\/schema.org","@graph":[{"@type":"WebPage","@id":"https:\/\/szallas-koszeg.hu\/foglalasi-szabalyzat\/","url":"https:\/\/szallas-koszeg.hu\/foglalasi-szabalyzat\/","name":"FOGLAL\u00c1SI SZAB\u00c1LYZAT - Aurora Apartman","isPartOf":{"@id":"https:\/\/szallas-koszeg.hu\/#website"},"datePublished":"2024-05-08T09:54:30+00:00","dateModified":"2026-01-18T20:35:32+00:00","breadcrumb":{"@id":"https:\/\/szallas-koszeg.hu\/foglalasi-szabalyzat\/#breadcrumb"},"inLanguage":"en-GB","potentialAction":[{"@type":"ReadAction","target":["https:\/\/szallas-koszeg.hu\/foglalasi-szabalyzat\/"]}]},{"@type":"BreadcrumbList","@id":"https:\/\/szallas-koszeg.hu\/foglalasi-szabalyzat\/#breadcrumb","itemListElement":[{"@type":"ListItem","position":1,"name":"Home","item":"https:\/\/szallas-koszeg.hu\/"},{"@type":"ListItem","position":2,"name":"FOGLAL\u00c1SI SZAB\u00c1LYZAT"}]},{"@type":"WebSite","@id":"https:\/\/szallas-koszeg.hu\/#website","url":"https:\/\/szallas-koszeg.hu\/","name":"Aurora Apartman","description":"K\u0151szeg","publisher":{"@id":"https:\/\/szallas-koszeg.hu\/#\/schema\/person\/55887a62f5b5ea9a03f5904ccb848b55"},"potentialAction":[{"@type":"SearchAction","target":{"@type":"EntryPoint","urlTemplate":"https:\/\/szallas-koszeg.hu\/?s={search_term_string}"},"query-input":{"@type":"PropertyValueSpecification","valueRequired":true,"valueName":"search_term_string"}}],"inLanguage":"en-GB"},{"@type":["Person","Organization"],"@id":"https:\/\/szallas-koszeg.hu\/#\/schema\/person\/55887a62f5b5ea9a03f5904ccb848b55","name":"Niki","image":{"@type":"ImageObject","inLanguage":"en-GB","@id":"https:\/\/szallas-koszeg.hu\/wp-content\/uploads\/2024\/04\/cropped-green-aurora-apartman-koszeg-szallas-02.png","url":"https:\/\/szallas-koszeg.hu\/wp-content\/uploads\/2024\/04\/cropped-green-aurora-apartman-koszeg-szallas-02.png","contentUrl":"https:\/\/szallas-koszeg.hu\/wp-content\/uploads\/2024\/04\/cropped-green-aurora-apartman-koszeg-szallas-02.png","width":3597,"height":1980,"caption":"Niki"},"logo":{"@id":"https:\/\/szallas-koszeg.hu\/wp-content\/uploads\/2024\/04\/cropped-green-aurora-apartman-koszeg-szallas-02.png"}}]}},"_links":{"self":[{"href":"https:\/\/szallas-koszeg.hu\/en\/wp-json\/wp\/v2\/pages\/364","targetHints":{"allow":["GET"]}}],"collection":[{"href":"https:\/\/szallas-koszeg.hu\/en\/wp-json\/wp\/v2\/pages"}],"about":[{"href":"https:\/\/szallas-koszeg.hu\/en\/wp-json\/wp\/v2\/types\/page"}],"author":[{"embeddable":true,"href":"https:\/\/szallas-koszeg.hu\/en\/wp-json\/wp\/v2\/users\/2"}],"replies":[{"embeddable":true,"href":"https:\/\/szallas-koszeg.hu\/en\/wp-json\/wp\/v2\/comments?post=364"}],"version-history":[{"count":20,"href":"https:\/\/szallas-koszeg.hu\/en\/wp-json\/wp\/v2\/pages\/364\/revisions"}],"predecessor-version":[{"id":879,"href":"https:\/\/szallas-koszeg.hu\/en\/wp-json\/wp\/v2\/pages\/364\/revisions\/879"}],"wp:attachment":[{"href":"https:\/\/szallas-koszeg.hu\/en\/wp-json\/wp\/v2\/media?parent=364"}],"curies":[{"name":"wp","href":"https:\/\/api.w.org\/{rel}","templated":true}]}}