{"id":367,"date":"2024-05-08T09:03:06","date_gmt":"2024-05-08T09:03:06","guid":{"rendered":"https:\/\/szallas-koszeg.hu\/?page_id=367"},"modified":"2024-05-08T09:08:19","modified_gmt":"2024-05-08T09:08:19","slug":"hazirend","status":"publish","type":"page","link":"https:\/\/szallas-koszeg.hu\/en\/hazirend\/","title":{"rendered":"H\u00c1ZIREND"},"content":{"rendered":"<div data-elementor-type=\"wp-page\" data-elementor-id=\"367\" class=\"elementor elementor-367\" data-elementor-post-type=\"page\">\n\t\t\t\t\t\t<section class=\"elementor-section elementor-top-section elementor-element elementor-element-716060b elementor-section-stretched elementor-section-full_width elementor-section-height-min-height elementor-section-height-default elementor-section-items-middle\" data-id=\"716060b\" data-element_type=\"section\" data-e-type=\"section\" data-settings=\"{&quot;stretch_section&quot;:&quot;section-stretched&quot;,&quot;background_background&quot;:&quot;classic&quot;}\">\n\t\t\t\t\t\t\t<div class=\"elementor-background-overlay\"><\/div>\n\t\t\t\t\t\t\t<div class=\"elementor-container elementor-column-gap-narrow\">\n\t\t\t\t\t<div class=\"elementor-column elementor-col-100 elementor-top-column elementor-element elementor-element-8822685\" data-id=\"8822685\" data-element_type=\"column\" data-e-type=\"column\">\n\t\t\t<div class=\"elementor-widget-wrap elementor-element-populated\">\n\t\t\t\t\t\t<div class=\"elementor-element elementor-element-19dfec0 elementor-widget elementor-widget-spacer\" data-id=\"19dfec0\" data-element_type=\"widget\" data-e-type=\"widget\" data-widget_type=\"spacer.default\">\n\t\t\t\t\t\t\t<div class=\"elementor-spacer\">\n\t\t\t<div class=\"elementor-spacer-inner\"><\/div>\n\t\t<\/div>\n\t\t\t\t\t\t<\/div>\n\t\t\t\t<div class=\"elementor-element elementor-element-c68eb87 elementor-widget__width-initial elementor-widget-tablet__width-initial elementor-invisible elementor-widget elementor-widget-heading\" data-id=\"c68eb87\" data-element_type=\"widget\" data-e-type=\"widget\" data-settings=\"{&quot;_animation&quot;:&quot;slideInUp&quot;,&quot;_animation_delay&quot;:1000}\" data-widget_type=\"heading.default\">\n\t\t\t\t\t<h2 class=\"elementor-heading-title elementor-size-default\">h\u00c1ZIREND<\/h2>\t\t\t\t<\/div>\n\t\t\t\t<div class=\"elementor-element elementor-element-274c273 elementor-invisible elementor-widget elementor-widget-text-editor\" data-id=\"274c273\" data-element_type=\"widget\" data-e-type=\"widget\" data-settings=\"{&quot;_animation&quot;:&quot;fadeInDown&quot;,&quot;_animation_delay&quot;:1000}\" data-widget_type=\"text-editor.default\">\n\t\t\t\t\t\t\t\t\t<p>szab\u00e1lyzat<\/p>\t\t\t\t\t\t\t\t<\/div>\n\t\t\t\t\t<\/div>\n\t\t<\/div>\n\t\t\t\t\t<\/div>\n\t\t<\/section>\n\t\t\t\t<section class=\"elementor-section elementor-top-section elementor-element elementor-element-90202c7 elementor-section-stretched elementor-section-boxed elementor-section-height-default elementor-section-height-default\" data-id=\"90202c7\" data-element_type=\"section\" data-e-type=\"section\" data-settings=\"{&quot;stretch_section&quot;:&quot;section-stretched&quot;}\">\n\t\t\t\t\t\t<div class=\"elementor-container elementor-column-gap-wide\">\n\t\t\t\t\t<div class=\"elementor-column elementor-col-100 elementor-top-column elementor-element elementor-element-29f025f\" data-id=\"29f025f\" data-element_type=\"column\" data-e-type=\"column\">\n\t\t\t<div class=\"elementor-widget-wrap elementor-element-populated\">\n\t\t\t\t\t\t<div class=\"elementor-element elementor-element-2bc3819 elementor-widget elementor-widget-theme-site-logo elementor-widget-image\" data-id=\"2bc3819\" data-element_type=\"widget\" data-e-type=\"widget\" data-widget_type=\"theme-site-logo.default\">\n\t\t\t\t\t\t\t\t\t\t\t<a href=\"https:\/\/szallas-koszeg.hu\/en\">\n\t\t\t<img fetchpriority=\"high\" decoding=\"async\" width=\"3597\" height=\"1980\" src=\"https:\/\/szallas-koszeg.hu\/wp-content\/uploads\/2024\/04\/cropped-green-aurora-apartman-koszeg-szallas-02.png\" class=\"attachment-full size-full wp-image-462\" alt=\"K\u00f6z\u00e9pkori hangulat\u00fa v\u00e1ros, m\u00e9gis egy fiatalos, modern \u00e9s ig\u00e9nyes sz\u00e1ll\u00e1sra invit\u00e1lunk K\u0151szegen, Magyarorsz\u00e1g \u00e9kszerdoboz\u00e1ban.\" srcset=\"https:\/\/szallas-koszeg.hu\/wp-content\/uploads\/2024\/04\/cropped-green-aurora-apartman-koszeg-szallas-02.png 3597w, https:\/\/szallas-koszeg.hu\/wp-content\/uploads\/2024\/04\/cropped-green-aurora-apartman-koszeg-szallas-02-300x165.png 300w, https:\/\/szallas-koszeg.hu\/wp-content\/uploads\/2024\/04\/cropped-green-aurora-apartman-koszeg-szallas-02-1024x564.png 1024w, https:\/\/szallas-koszeg.hu\/wp-content\/uploads\/2024\/04\/cropped-green-aurora-apartman-koszeg-szallas-02-768x423.png 768w, https:\/\/szallas-koszeg.hu\/wp-content\/uploads\/2024\/04\/cropped-green-aurora-apartman-koszeg-szallas-02-1536x846.png 1536w, https:\/\/szallas-koszeg.hu\/wp-content\/uploads\/2024\/04\/cropped-green-aurora-apartman-koszeg-szallas-02-2048x1127.png 2048w, https:\/\/szallas-koszeg.hu\/wp-content\/uploads\/2024\/04\/cropped-green-aurora-apartman-koszeg-szallas-02-18x10.png 18w\" sizes=\"(max-width: 3597px) 100vw, 3597px\" \/>\t\t\t\t<\/a>\n\t\t\t\t\t\t\t\t\t\t\t<\/div>\n\t\t\t\t<div class=\"elementor-element elementor-element-4b7b4b8 elementor-invisible elementor-widget elementor-widget-text-editor\" data-id=\"4b7b4b8\" data-element_type=\"widget\" data-e-type=\"widget\" data-settings=\"{&quot;_animation&quot;:&quot;fadeInDown&quot;,&quot;_animation_delay&quot;:1000}\" data-widget_type=\"text-editor.default\">\n\t\t\t\t\t\t\t\t\t<p>A foglal\u00e1sn\u00e1l felt\u00e9telezhet\u0151, hogy \u00d6n ismeri \u00e9s elfogadja ezt a h\u00e1zirendet, hogy az betart\u00e1sra ker\u00fcl.<\/p><h5><strong>Apartmanunkat mag\u00e1nsz\u00e1ll\u00e1s keretein bel\u00fcl m\u0171k\u00f6dtetj\u00fck.<\/strong><\/h5><ol><li>\u00c9rkez\u00e9skor a vend\u00e9g k\u00f6teles a sz\u00e1ll\u00e1sad\u00f3nak \u00e1tadni adatfelv\u00e9tel miatt a szem\u00e9lyes okm\u00e1nyait (\u00fatlev\u00e9l vagy szem\u00e9lyi igazolv\u00e1ny, lakc\u00edmk\u00e1rtya) valamint a helysz\u00ednen fizetend\u0151 h\u00e1tral\u00e9v\u0151 \u00f6sszeget \u00e9s idegenforgalmi ad\u00f3t rendezni, amennyiben ezeket el\u0151re addig m\u00e9g nem rendezte.\u00a0<em><strong> Vend\u00e9geink a szob\u00e1kat csak a teljes r\u00e9szv\u00e9teli d\u00edj kifizet\u00e9se ut\u00e1n foglalhatj\u00e1k el.<\/strong><\/em><\/li><li>A gyorsabb bejelentkez\u00e9s \u00e9rdek\u00e9ben javasoljuk, hogy szem\u00e9lyes okm\u00e1nyaikat (\u00e9rkez\u0151 vend\u00e9gek szem\u00e9lyigazolv\u00e1ny\u00e1t vagy \u00fatlevel\u00e9t illetve lakc\u00edmk\u00e1rty\u00e1t) m\u00e1r el\u0151re, e-mail k\u00fcldj\u00e9k el.<\/li><li>A teljes d\u00edj alatt az el\u0151re lefoglalt napokat \u00e9rtj\u00fck, abban az esetben, ha k\u00f6zben \u00fagy d\u00f6ntenek az itt tart\u00f3zkod\u00e1st el\u0151bb szak\u00edtj\u00e1k meg, nem \u00e1ll m\u00f3dunkban a h\u00e1tral\u00e9kot visszat\u00e9r\u00edteni.<\/li><\/ol><ol><li>A sz\u00e1ll\u00e1st az \u00e9rkez\u00e9s napj\u00e1n 14:00 \u00e9s 20:00 \u00f3ra k\u00f6z\u00f6tt lehet elfoglalni, ha k\u00e9s\u0151bb vagy kor\u00e1bban \u00e9rkezne, minden esetben k\u00e9r\u00fcnk telefonos egyezt\u00e9st. A t\u00e1voz\u00e1s napj\u00e1n 10:00 \u00f3r\u00e1ig kell elhagyni az apartmant, ha k\u00e9s\u0151bb, 11 \u00f3r\u00e1ig szeretn\u00e9k elhagyni, k\u00e9rj\u00fck azt el\u0151re egyeztess\u00e9k az \u00fczemeltet\u0151vel.<\/li><li>Vend\u00e9geink \u00e9rkez\u00e9skor kulcsot a sz\u00e1ll\u00e1shoz kulcssz\u00e9fben, a l\u00e9pcs\u0151h\u00e1z ajt\u00f3hoz nyit\u00f3k\u00f3dot \u00e9s telefonsz\u00e1mos nyit\u00f3k\u00f3dot is kapnak a lak\u00f3park kapuj\u00e1hoz, hogy szabadon k\u00f6zlekedhessenek. A t\u00e1voz\u00e1s napj\u00e1n a kulcsokat szem\u00e9lyesen kell leadni vagy a bej\u00e1rati ajt\u00f3 mellett l\u00e9v\u0151 kulcs sz\u00e9fben elhelyezni.<\/li><li>A sz\u00e1ll\u00e1shelyen l\u00e1togat\u00f3kat (akik nem szem\u00e9lyes okm\u00e1nnyal jelentkeztek be az apartmanba) kiz\u00e1r\u00f3lag napk\u00f6zben lehet fogadni, a sz\u00e1ll\u00e1sad\u00f3 enged\u00e9ly\u00e9vel.<\/li><li>A csendrendeletre \u00e9s a t\u00f6bbi lak\u00f3ra val\u00f3 tekintettel k\u00e9rj\u00fck, mindenf\u00e9le zajos tev\u00e9kenys\u00e9get mell\u0151zni sz\u00edveskedjenek. Tov\u00e1bb\u00e1 k\u00e9rj\u00fck, hogy \u00e9jszakai \u00e9rkez\u00e9skor csendesen k\u00f6zlekedjenek a lak\u00f3park eg\u00e9sz ter\u00fclet\u00e9n, \u00e9s a folyos\u00f3n, l\u00e9pcs\u0151h\u00e1zban.<\/li><li><strong>Kis\u00e1llatot fel\u00e1r ellen\u00e9ben sem \u00e1ll m\u00f3dunkban fogadni!<\/strong><\/li><li><strong>Az apartmanban doh\u00e1nyozni TILOS,<\/strong> az csak \u00e9s kiz\u00e1r\u00f3lag az udvaron lehets\u00e9ges (\u00e9s ez elektromos cigarett\u00e1ra \u00e9s IQOS-ra is vonatkozik)! A csikkeket k\u00e9rj\u00fck az erre a c\u00e9lra kihelyezett hamutart\u00f3kba dobj\u00e1k a lak\u00f3park ter\u00fclet\u00e9n.<\/li><li>Takar\u00edt\u00e1s, t\u00f6r\u00f6lk\u00f6z\u0151 csere r\u00f6videbb itt tart\u00f3zkod\u00e1s alatt k\u00e9r\u00e9sre el\u00e9rhet\u0151, ez esetben 3 naponta t\u00f6rt\u00e9nik. Hosszabb itt tart\u00f3zkod\u00e1s alatt pedig k\u00e9r\u00e9sre hetente, egyeztet\u00e9s alapj\u00e1n.<\/li><li>Vend\u00e9geink sz\u00e1m\u00e1ra szob\u00e1nk\u00e9nt egy aut\u00f3 r\u00e9sz\u00e9re z\u00e1rt, ingyenes parkol\u00f3t biztos\u00edtunk (D19-es parkol\u00f3hely)<\/li><li>Wifi, TV, valamint Netflix \u00e9s Disney+ streaming csatorn\u00e1k is d\u00edjmentesen el\u00e9rhet\u0151ek.<\/li><li>Az al\u00e1bbiak az apartmanban \u00e9s a szob\u00e1ban nem felt\u00e9tlen\u00fcl tal\u00e1lhat\u00f3ak, de k\u00e9r\u00e9sre, el\u0151zetes egyeztet\u00e9ssel sz\u00edvesen rendelkez\u00e9sre bocs\u00e1jtjuk, haszn\u00e1latukra lehet\u0151s\u00e9get biztos\u00edtunk: gyermek utaz\u00f3s kis\u00e1gy, valamint eserny\u0151.<\/li><li>A vend\u00e9gh\u00e1zban hagyott szem\u00e9lyes t\u00e1rgyak\u00e9rt felel\u0151ss\u00e9get nem v\u00e1llalunk!<\/li><li>Minden vend\u00e9g\u00fcnk felel\u0151s a saj\u00e1t viselked\u00e9s\u00e9\u00e9rt, a h\u00e1zban \u00e9s annak k\u00f6rny\u00e9k\u00e9n az esetleges baleset\u00e9rt maga viseli a k\u00f6vetkezm\u00e9nyeket.<\/li><li><strong>K\u00e9rj\u00fck, hogy figyeljenek az \u00e1ltal\u00e1nos rendre \u00e9s \u00f3vj\u00e1k a berendez\u00e9seket,<\/strong> azokat ki ne vigy\u00e9k (pl t\u00f6r\u00f6lk\u00f6z\u0151, p\u00e1rna, takar\u00f3, sz\u00e9kek)!<\/li><li>Az apartmanban tal\u00e1lhat\u00f3 \u00fcdv\u00f6zl\u0151 ital\/snackek\/\u00e9lelmiszerek fel\u00e1r N\u00c9LK\u00dcL fogyaszthat\u00f3ak.<\/li><li><strong>A sz\u00e1ll\u00e1s elhagy\u00e1sakor k\u00e9rj\u00fck z\u00e1rj\u00e1k el a csapokat, kapcsolj\u00e1k le a villanyt, csukj\u00e1k be az ablakokat, k\u00fcl\u00f6n\u00f6s tekintettel a tet\u0151ablakra \u00e9s z\u00e1rj\u00e1k be a bej\u00e1rati ajt\u00f3t.<\/strong><\/li><li>A szob\u00e1ba TILOS bevinni b\u00e1rmif\u00e9le gy\u00fal\u00e9kony anyagot, eszk\u00f6zt!<\/li><li>A sz\u00e1ll\u00e1s ter\u00fclet\u00e9n okozott k\u00e1rt a k\u00e1rokoz\u00f3 vagy annak t\u00f6rv\u00e9nyes k\u00e9pvisel\u0151je k\u00f6teles megt\u00e9r\u00edteni.<\/li><li>K\u00e9rj\u00fck vend\u00e9geinket, hogy a h\u00e1l\u00f3szob\u00e1ban ne \u00e9tkezzenek. \u00c9tkez\u00e9sre haszn\u00e1lj\u00e1k az \u00e9tkez\u0151asztalt. K\u00e9rj\u00fck azt tarts\u00e1k tiszt\u00e1n, illetve haszn\u00e1lat ut\u00e1n sz\u00edveskedjenek elmosni a haszn\u00e1lt ed\u00e9nyeket, ev\u0151eszk\u00f6z\u00f6ket.<\/li><li>Fenntartjuk a jogot a vend\u00e9gk\u00f6r\u00fcnk megv\u00e1logat\u00e1s\u00e1ra! Ittas \u00e1llapotban, vagy ak\u00e1r agressz\u00edv hajlam\u00fa vend\u00e9geket nem fogadunk!<\/li><li>A tulajdonos jog\u00e1ban \u00e1ll lemondani a sz\u00e1ll\u00e1st, ha a vend\u00e9g nem tartja be a h\u00e1zirendet \u00e9s ha megbontja a b\u00e9k\u00e9t!<\/li><li>A h\u00e1zirend megs\u00e9rt\u00e9se eset\u00e9n a sz\u00e1ll\u00e1s lemond\u00e1sra ker\u00fclhet. Ebben az esetben a vend\u00e9gnek nem \u00e1ll m\u00f3dunkban visszafizetni az esetlegesen h\u00e1tral\u00e9v\u0151 napokat.<\/li><li><strong>A sz\u00e1ll\u00e1s ig\u00e9nybev\u00e9tel\u00e9vel mag\u00e1t\u00f3l \u00e9rtet\u0151dik, hogy a vend\u00e9g elolvasta, meg\u00e9rtette \u00e9s elfogadta a h\u00e1zirendben foglaltakat.<\/strong><\/li><\/ol><p>\u00a0<\/p><p>Amennyiben el\u00e9gedettek a sz\u00e1ll\u00e1s szolg\u00e1ltat\u00e1saival, k\u00e9rj\u00fck \u00edrjanak v\u00e9lem\u00e9nyt Google-n \u00e9s egy\u00e9b online foglal\u00e1si fel\u00fcleteken.<\/p><p>B\u00e1rmilyen panaszt figyelembe vesz\u00fcnk \u00e9s legjobb tud\u00e1sunk szerint a lehet\u0151 leghamarabb megoldunk! Ilyenkor k\u00e9rj\u00fck, a k\u00f6vetkez\u0151 telefonsz\u00e1mok egyik\u00e9n keressenek minket:<\/p><p>\u00a0<\/p><p><strong>Steixner Niki\u00a0 <\/strong>(0036) 70 \/ 884-2585<\/p><p><strong>Steixner P\u00e9ter\u00a0 <\/strong>(0036) 20 \/ 282-3661<\/p>\t\t\t\t\t\t\t\t<\/div>\n\t\t\t\t\t<\/div>\n\t\t<\/div>\n\t\t\t\t\t<\/div>\n\t\t<\/section>\n\t\t<div class=\"elementor-element elementor-element-78a4bd9 e-flex e-con-boxed e-con e-parent\" data-id=\"78a4bd9\" data-element_type=\"container\" data-e-type=\"container\">\n\t\t\t\t\t<div class=\"e-con-inner\">\n\t\t\t\t<div class=\"elementor-element elementor-element-e2ddc60 elementor-widget elementor-widget-spacer\" data-id=\"e2ddc60\" data-element_type=\"widget\" data-e-type=\"widget\" data-widget_type=\"spacer.default\">\n\t\t\t\t\t\t\t<div class=\"elementor-spacer\">\n\t\t\t<div class=\"elementor-spacer-inner\"><\/div>\n\t\t<\/div>\n\t\t\t\t\t\t<\/div>\n\t\t\t\t\t<\/div>\n\t\t\t\t<\/div>\n\t\t\t\t<\/div>","protected":false},"excerpt":{"rendered":"<p>h\u00c1ZIREND szab\u00e1lyzat A foglal\u00e1sn\u00e1l felt\u00e9telezhet\u0151, hogy \u00d6n ismeri \u00e9s elfogadja ezt a h\u00e1zirendet, hogy az betart\u00e1sra ker\u00fcl. Apartmanunkat mag\u00e1nsz\u00e1ll\u00e1s keretein bel\u00fcl m\u0171k\u00f6dtetj\u00fck. \u00c9rkez\u00e9skor a vend\u00e9g k\u00f6teles a sz\u00e1ll\u00e1sad\u00f3nak \u00e1tadni adatfelv\u00e9tel miatt a szem\u00e9lyes okm\u00e1nyait (\u00fatlev\u00e9l vagy szem\u00e9lyi igazolv\u00e1ny, lakc\u00edmk\u00e1rtya) valamint a helysz\u00ednen fizetend\u0151 h\u00e1tral\u00e9v\u0151 \u00f6sszeget \u00e9s idegenforgalmi ad\u00f3t rendezni, amennyiben ezeket el\u0151re addig m\u00e9g nem [&hellip;]<\/p>\n","protected":false},"author":2,"featured_media":0,"parent":0,"menu_order":0,"comment_status":"closed","ping_status":"closed","template":"elementor_header_footer","meta":{"iawp_total_views":77,"footnotes":""},"class_list":["post-367","page","type-page","status-publish","hentry"],"yoast_head":"<!-- This site is optimized with the Yoast SEO Premium plugin v27.5 (Yoast SEO v27.5) - https:\/\/yoast.com\/product\/yoast-seo-premium-wordpress\/ -->\n<title>H\u00c1ZIREND - Aurora Apartman<\/title>\n<meta name=\"robots\" content=\"index, follow, max-snippet:-1, max-image-preview:large, max-video-preview:-1\" \/>\n<link rel=\"canonical\" href=\"https:\/\/szallas-koszeg.hu\/en\/hazirend\/\" \/>\n<meta property=\"og:locale\" content=\"en_GB\" \/>\n<meta property=\"og:type\" content=\"article\" \/>\n<meta property=\"og:title\" content=\"H\u00c1ZIREND\" \/>\n<meta property=\"og:description\" content=\"h\u00c1ZIREND szab\u00e1lyzat A foglal\u00e1sn\u00e1l felt\u00e9telezhet\u0151, hogy \u00d6n ismeri \u00e9s elfogadja ezt a h\u00e1zirendet, hogy az betart\u00e1sra ker\u00fcl. Apartmanunkat mag\u00e1nsz\u00e1ll\u00e1s keretein bel\u00fcl m\u0171k\u00f6dtetj\u00fck. \u00c9rkez\u00e9skor a vend\u00e9g k\u00f6teles a sz\u00e1ll\u00e1sad\u00f3nak \u00e1tadni adatfelv\u00e9tel miatt a szem\u00e9lyes okm\u00e1nyait (\u00fatlev\u00e9l vagy szem\u00e9lyi igazolv\u00e1ny, lakc\u00edmk\u00e1rtya) valamint a helysz\u00ednen fizetend\u0151 h\u00e1tral\u00e9v\u0151 \u00f6sszeget \u00e9s idegenforgalmi ad\u00f3t rendezni, amennyiben ezeket el\u0151re addig m\u00e9g nem [&hellip;]\" \/>\n<meta property=\"og:url\" content=\"https:\/\/szallas-koszeg.hu\/en\/hazirend\/\" \/>\n<meta property=\"og:site_name\" content=\"Aurora Apartman\" \/>\n<meta property=\"article:modified_time\" content=\"2024-05-08T09:08:19+00:00\" \/>\n<meta name=\"twitter:card\" content=\"summary_large_image\" \/>\n<meta name=\"twitter:label1\" content=\"Estimated reading time\" \/>\n\t<meta name=\"twitter:data1\" content=\"4 minutes\" \/>\n<script type=\"application\/ld+json\" class=\"yoast-schema-graph\">{\"@context\":\"https:\\\/\\\/schema.org\",\"@graph\":[{\"@type\":\"WebPage\",\"@id\":\"https:\\\/\\\/szallas-koszeg.hu\\\/hazirend\\\/\",\"url\":\"https:\\\/\\\/szallas-koszeg.hu\\\/hazirend\\\/\",\"name\":\"H\u00c1ZIREND - Aurora Apartman\",\"isPartOf\":{\"@id\":\"https:\\\/\\\/szallas-koszeg.hu\\\/#website\"},\"datePublished\":\"2024-05-08T09:03:06+00:00\",\"dateModified\":\"2024-05-08T09:08:19+00:00\",\"breadcrumb\":{\"@id\":\"https:\\\/\\\/szallas-koszeg.hu\\\/hazirend\\\/#breadcrumb\"},\"inLanguage\":\"en-GB\",\"potentialAction\":[{\"@type\":\"ReadAction\",\"target\":[\"https:\\\/\\\/szallas-koszeg.hu\\\/hazirend\\\/\"]}]},{\"@type\":\"BreadcrumbList\",\"@id\":\"https:\\\/\\\/szallas-koszeg.hu\\\/hazirend\\\/#breadcrumb\",\"itemListElement\":[{\"@type\":\"ListItem\",\"position\":1,\"name\":\"Home\",\"item\":\"https:\\\/\\\/szallas-koszeg.hu\\\/\"},{\"@type\":\"ListItem\",\"position\":2,\"name\":\"H\u00c1ZIREND\"}]},{\"@type\":\"WebSite\",\"@id\":\"https:\\\/\\\/szallas-koszeg.hu\\\/#website\",\"url\":\"https:\\\/\\\/szallas-koszeg.hu\\\/\",\"name\":\"Aurora Apartman\",\"description\":\"K\u0151szeg\",\"publisher\":{\"@id\":\"https:\\\/\\\/szallas-koszeg.hu\\\/#\\\/schema\\\/person\\\/55887a62f5b5ea9a03f5904ccb848b55\"},\"potentialAction\":[{\"@type\":\"SearchAction\",\"target\":{\"@type\":\"EntryPoint\",\"urlTemplate\":\"https:\\\/\\\/szallas-koszeg.hu\\\/?s={search_term_string}\"},\"query-input\":{\"@type\":\"PropertyValueSpecification\",\"valueRequired\":true,\"valueName\":\"search_term_string\"}}],\"inLanguage\":\"en-GB\"},{\"@type\":[\"Person\",\"Organization\"],\"@id\":\"https:\\\/\\\/szallas-koszeg.hu\\\/#\\\/schema\\\/person\\\/55887a62f5b5ea9a03f5904ccb848b55\",\"name\":\"Niki\",\"image\":{\"@type\":\"ImageObject\",\"inLanguage\":\"en-GB\",\"@id\":\"https:\\\/\\\/szallas-koszeg.hu\\\/wp-content\\\/uploads\\\/2024\\\/04\\\/cropped-green-aurora-apartman-koszeg-szallas-02.png\",\"url\":\"https:\\\/\\\/szallas-koszeg.hu\\\/wp-content\\\/uploads\\\/2024\\\/04\\\/cropped-green-aurora-apartman-koszeg-szallas-02.png\",\"contentUrl\":\"https:\\\/\\\/szallas-koszeg.hu\\\/wp-content\\\/uploads\\\/2024\\\/04\\\/cropped-green-aurora-apartman-koszeg-szallas-02.png\",\"width\":3597,\"height\":1980,\"caption\":\"Niki\"},\"logo\":{\"@id\":\"https:\\\/\\\/szallas-koszeg.hu\\\/wp-content\\\/uploads\\\/2024\\\/04\\\/cropped-green-aurora-apartman-koszeg-szallas-02.png\"}}]}<\/script>\n<!-- \/ Yoast SEO Premium plugin. -->","yoast_head_json":{"title":"H\u00c1ZIREND - Aurora Apartman","robots":{"index":"index","follow":"follow","max-snippet":"max-snippet:-1","max-image-preview":"max-image-preview:large","max-video-preview":"max-video-preview:-1"},"canonical":"https:\/\/szallas-koszeg.hu\/en\/hazirend\/","og_locale":"en_GB","og_type":"article","og_title":"H\u00c1ZIREND","og_description":"h\u00c1ZIREND szab\u00e1lyzat A foglal\u00e1sn\u00e1l felt\u00e9telezhet\u0151, hogy \u00d6n ismeri \u00e9s elfogadja ezt a h\u00e1zirendet, hogy az betart\u00e1sra ker\u00fcl. Apartmanunkat mag\u00e1nsz\u00e1ll\u00e1s keretein bel\u00fcl m\u0171k\u00f6dtetj\u00fck. \u00c9rkez\u00e9skor a vend\u00e9g k\u00f6teles a sz\u00e1ll\u00e1sad\u00f3nak \u00e1tadni adatfelv\u00e9tel miatt a szem\u00e9lyes okm\u00e1nyait (\u00fatlev\u00e9l vagy szem\u00e9lyi igazolv\u00e1ny, lakc\u00edmk\u00e1rtya) valamint a helysz\u00ednen fizetend\u0151 h\u00e1tral\u00e9v\u0151 \u00f6sszeget \u00e9s idegenforgalmi ad\u00f3t rendezni, amennyiben ezeket el\u0151re addig m\u00e9g nem [&hellip;]","og_url":"https:\/\/szallas-koszeg.hu\/en\/hazirend\/","og_site_name":"Aurora Apartman","article_modified_time":"2024-05-08T09:08:19+00:00","twitter_card":"summary_large_image","twitter_misc":{"Estimated reading time":"4 minutes"},"schema":{"@context":"https:\/\/schema.org","@graph":[{"@type":"WebPage","@id":"https:\/\/szallas-koszeg.hu\/hazirend\/","url":"https:\/\/szallas-koszeg.hu\/hazirend\/","name":"H\u00c1ZIREND - Aurora Apartman","isPartOf":{"@id":"https:\/\/szallas-koszeg.hu\/#website"},"datePublished":"2024-05-08T09:03:06+00:00","dateModified":"2024-05-08T09:08:19+00:00","breadcrumb":{"@id":"https:\/\/szallas-koszeg.hu\/hazirend\/#breadcrumb"},"inLanguage":"en-GB","potentialAction":[{"@type":"ReadAction","target":["https:\/\/szallas-koszeg.hu\/hazirend\/"]}]},{"@type":"BreadcrumbList","@id":"https:\/\/szallas-koszeg.hu\/hazirend\/#breadcrumb","itemListElement":[{"@type":"ListItem","position":1,"name":"Home","item":"https:\/\/szallas-koszeg.hu\/"},{"@type":"ListItem","position":2,"name":"H\u00c1ZIREND"}]},{"@type":"WebSite","@id":"https:\/\/szallas-koszeg.hu\/#website","url":"https:\/\/szallas-koszeg.hu\/","name":"Aurora Apartman","description":"K\u0151szeg","publisher":{"@id":"https:\/\/szallas-koszeg.hu\/#\/schema\/person\/55887a62f5b5ea9a03f5904ccb848b55"},"potentialAction":[{"@type":"SearchAction","target":{"@type":"EntryPoint","urlTemplate":"https:\/\/szallas-koszeg.hu\/?s={search_term_string}"},"query-input":{"@type":"PropertyValueSpecification","valueRequired":true,"valueName":"search_term_string"}}],"inLanguage":"en-GB"},{"@type":["Person","Organization"],"@id":"https:\/\/szallas-koszeg.hu\/#\/schema\/person\/55887a62f5b5ea9a03f5904ccb848b55","name":"Niki","image":{"@type":"ImageObject","inLanguage":"en-GB","@id":"https:\/\/szallas-koszeg.hu\/wp-content\/uploads\/2024\/04\/cropped-green-aurora-apartman-koszeg-szallas-02.png","url":"https:\/\/szallas-koszeg.hu\/wp-content\/uploads\/2024\/04\/cropped-green-aurora-apartman-koszeg-szallas-02.png","contentUrl":"https:\/\/szallas-koszeg.hu\/wp-content\/uploads\/2024\/04\/cropped-green-aurora-apartman-koszeg-szallas-02.png","width":3597,"height":1980,"caption":"Niki"},"logo":{"@id":"https:\/\/szallas-koszeg.hu\/wp-content\/uploads\/2024\/04\/cropped-green-aurora-apartman-koszeg-szallas-02.png"}}]}},"_links":{"self":[{"href":"https:\/\/szallas-koszeg.hu\/en\/wp-json\/wp\/v2\/pages\/367","targetHints":{"allow":["GET"]}}],"collection":[{"href":"https:\/\/szallas-koszeg.hu\/en\/wp-json\/wp\/v2\/pages"}],"about":[{"href":"https:\/\/szallas-koszeg.hu\/en\/wp-json\/wp\/v2\/types\/page"}],"author":[{"embeddable":true,"href":"https:\/\/szallas-koszeg.hu\/en\/wp-json\/wp\/v2\/users\/2"}],"replies":[{"embeddable":true,"href":"https:\/\/szallas-koszeg.hu\/en\/wp-json\/wp\/v2\/comments?post=367"}],"version-history":[{"count":7,"href":"https:\/\/szallas-koszeg.hu\/en\/wp-json\/wp\/v2\/pages\/367\/revisions"}],"predecessor-version":[{"id":551,"href":"https:\/\/szallas-koszeg.hu\/en\/wp-json\/wp\/v2\/pages\/367\/revisions\/551"}],"wp:attachment":[{"href":"https:\/\/szallas-koszeg.hu\/en\/wp-json\/wp\/v2\/media?parent=367"}],"curies":[{"name":"wp","href":"https:\/\/api.w.org\/{rel}","templated":true}]}}